{"id":442,"date":"2016-12-27T11:12:54","date_gmt":"2016-12-27T11:12:54","guid":{"rendered":"https:\/\/lamaisondesbenjamins.fr\/ng\/?page_id=442"},"modified":"2021-05-08T22:47:22","modified_gmt":"2021-05-08T21:47:22","slug":"deuil","status":"publish","type":"page","link":"https:\/\/lamaisondesbenjamins.fr\/ng\/deuil\/","title":{"rendered":"M\u00e9moire"},"content":{"rendered":"<div style=\"text-align: center;\"><\/div>\n<div style=\"text-align: center;\"><span style=\"font-size: 14pt; color: #000000;\">\u05ea.\u05e0.\u05e6.\u05d1.\u05d4<\/span><span style=\"color: #000000;\"> <strong><i><span id=\"ID0EJB\" dir=\"rtl\"><span style=\"font-size: 14pt;\">(\u05ea\u05bc\u05b0\u05d4\u05b4\u05d9 \u05e0\u05b4\u05e9\u05c1\u05b0\u05de\u05b8\u05ea\u05d5\u05b9 \u05e6\u05b0\u05e8\u05d5\u05bc\u05e8\u05b8\u05d4 \u05d1\u05bc\u05b4\u05e6\u05b0\u05e8\u05d5\u05b9\u05e8 \u05d4\u05b7\u05d7\u05b7\u05d9\u05bc\u05b4\u05d9\u05dd)<\/span><\/span><\/i><\/strong><\/span><\/div>\n<p style=\"text-align: center;\">Que son \u00e2me soit attach\u00e9e au faisceau de la lumi\u00e8re \u00e9ternelle.<\/p>\n<p>Lors du deuil, il est bon de veiller au respect du d\u00e9funt.<br \/>\nCela signifie qu&rsquo;\u00e0 proximit\u00e9 du mort, il est interdit de :<\/p>\n<ul>\n<li>Parler.<\/li>\n<li>Discuter.<\/li>\n<li>Manger, boire, dormir.<\/li>\n<li>Lire un journal.<\/li>\n<li>Plaisanter ou se comporter avec l\u00e9g\u00e8ret\u00e9.<\/li>\n<\/ul>\n<p>Pendant la p\u00e9riode des 7 jours de deuil il sera interdit \u00e0 l&rsquo;endeuill\u00e9 de :<\/p>\n<ul>\n<li>Se laver.<\/li>\n<li>Travailler.<\/li>\n<li>Se chausser de cuir.<\/li>\n<li>Avoir des relations conjugales.<\/li>\n<li>Saluer quelqu&rsquo;un.<\/li>\n<li>Laver son linge et le repasser.<\/li>\n<li>\u00c9couter de la musique ou de participer \u00e0 une f\u00eate.<\/li>\n<\/ul>\n<p><em>La lecture des psaumes de David qui sera lu au cot\u00e9 du d\u00e9funt sera b\u00e9n\u00e9fique \u00e0 l\u2019\u00e9l\u00e9vation de son \u00e2me.<\/em><\/p>\n<p>Les tephilines sont mises comme d&rsquo;habitude et l&rsquo;on dit le Kaddich tous les jours en pr\u00e9sence de 10 hommes.<\/p>\n<p>Rite Sefarade :<\/p>\n<p><strong>Yitgadal veyitkadach chem\u00e9 raba, (<i>amen<\/i>) <\/strong><br \/>\n<strong>B\u00e9alma di vera khirout\u00e9, veyamlikh malkhout\u00e9 veyatsma\u2019h pourkan\u00e9 vikar\u00e8v mechi\u2019h\u00e9, (<i>amen<\/i>)<\/strong><br \/>\n<strong>Be\u2019hay\u00e9khone ouv\u00e9yom\u00e9khone ouve\u2019hay\u00e9 dekhol be\u00eft Yisra\u00ebl, baagala ouvizmane kariv v\u00e9\u00efmrou amen.<br \/>\nY\u00e9h\u00e9 chem\u00e9 rabah mevarakh l\u00e9alam l\u00e9alm\u00e9 almaya, yitbarakh veyichtaba\u2019h veyitpaar veyitromam veyitnass\u00e9 veyithadar veyital\u00e9 veyithalal chem\u00e9 dekoudcha, berikh hou. (<i>amen<\/i>)<br \/>\nL\u00e9\u00e9la mine kol birkhata , chirata, tichb\u00e9\u2019hata ven\u00e9\u2019h\u00e9mata, daamirane b\u00e9alma. V\u00e9\u00efmrou <i>amen<\/i>.<\/strong><\/p>\n\t\t\t\t\t\t\t<h3 style=\"margin-bottom:20px;display:block;width:100%;margin-top:10px\">Kaddich talmud <\/h3>\r\n\t\t\t\t\t\t<style>\r\n\t\t\t\t<style>\r\n#wpsm_accordion_1756 .wpsm_panel-heading{\r\n\tpadding:0px !important;\r\n}\r\n#wpsm_accordion_1756 .wpsm_panel-title {\r\n\tmargin:0px !important; \r\n\ttext-transform:none !important;\r\n\tline-height: 1 !important;\r\n}\r\n#wpsm_accordion_1756 .wpsm_panel-title a{\r\n\ttext-decoration:none;\r\n\toverflow:hidden;\r\n\tdisplay:block;\r\n\tpadding:0px;\r\n\tfont-size: 20px !important;\r\n\tfont-family: Open Sans !important;\r\n\tcolor:#ffffff !important;\r\n\tborder-bottom:0px !important;\r\n}\r\n\r\n#wpsm_accordion_1756 .wpsm_panel-title a:focus {\r\noutline: 0px !important;\r\n}\r\n\r\n#wpsm_accordion_1756 .wpsm_panel-title a:hover, #wpsm_accordion_1756 .wpsm_panel-title a:focus {\r\n\tcolor:#ffffff !important;\r\n}\r\n#wpsm_accordion_1756 .acc-a{\r\n\tcolor: #ffffff !important;\r\n\tbackground-color:#31a3dd !important;\r\n\tborder-color: #ddd;\r\n}\r\n#wpsm_accordion_1756 .wpsm_panel-default > .wpsm_panel-heading{\r\n\tcolor: #ffffff !important;\r\n\tbackground-color: #31a3dd !important;\r\n\tborder-color: #31a3dd !important;\r\n\tborder-top-left-radius: 0px;\r\n\tborder-top-right-radius: 0px;\r\n}\r\n#wpsm_accordion_1756 .wpsm_panel-default {\r\n\t\tborder:1px solid transparent !important;\r\n\t}\r\n#wpsm_accordion_1756 {\r\n\tmargin-bottom: 20px;\r\n\toverflow: hidden;\r\n\tfloat: none;\r\n\twidth: 100%;\r\n\tdisplay: block;\r\n}\r\n#wpsm_accordion_1756 .ac_title_class{\r\n\tdisplay: block;\r\n\tpadding-top: 12px;\r\n\tpadding-bottom: 12px;\r\n\tpadding-left: 15px;\r\n\tpadding-right: 15px;\r\n}\r\n#wpsm_accordion_1756  .wpsm_panel {\r\n\toverflow:hidden;\r\n\t-webkit-box-shadow: 0 0px 0px rgba(0, 0, 0, .05);\r\n\tbox-shadow: 0 0px 0px rgba(0, 0, 0, .05);\r\n\t\tborder-radius: 4px;\r\n\t}\r\n#wpsm_accordion_1756  .wpsm_panel + .wpsm_panel {\r\n\t\tmargin-top: 5px;\r\n\t}\r\n#wpsm_accordion_1756  .wpsm_panel-body{\r\n\tbackground-color:#ffffff !important;\r\n\tcolor:#ffffff !important;\r\n\tborder-top-color: #31a3dd !important;\r\n\tfont-size:14px !important;\r\n\tfont-family: Open Sans !important;\r\n\toverflow: hidden;\r\n\t\tborder: 2px solid #31a3dd !important;\r\n\t}\r\n\r\n#wpsm_accordion_1756 .ac_open_cl_icon{\r\n\tbackground-color:#31a3dd !important;\r\n\tcolor: #ffffff !important;\r\n\tfloat:left !important;\r\n\tpadding-top: 12px !important;\r\n\tpadding-bottom: 12px !important;\r\n\tline-height: 1.0 !important;\r\n\tpadding-left: 15px !important;\r\n\tpadding-right: 15px !important;\r\n\tdisplay: inline-block !important;\r\n}\r\n\r\n\t\t\t\r\n\t\t\t<\/style>\t\r\n\t\t\t<\/style>\r\n\t\t\t<div class=\"wpsm_panel-group\" id=\"wpsm_accordion_1756\" >\r\n\t\t\t\t\t\t\t\t\r\n\t\t\t\t\t<!-- Inner panel Start -->\r\n\t\t\t\t\t<div class=\"wpsm_panel wpsm_panel-default\">\r\n\t\t\t\t\t\t<div class=\"wpsm_panel-heading\" role=\"tab\" >\r\n\t\t\t\t\t\t  <h4 class=\"wpsm_panel-title\">\r\n\t\t\t\t\t\t\t<a  class=\"\"  data-toggle=\"collapse\" data-parent=\"\" href=\"javascript:void(0)\" data-target=\"#ac_1756_collapse1\" onclick=\"do_resize()\">\r\n\t\t\t\t\t\t\t\t\t\t\t\t\t\t\t\t\t<span class=\"ac_open_cl_icon fa fa-minus\"><\/span>\r\n\t\t\t\t\t\t\t\t\t\r\n\t\t\t\t\t\t\t\t \r\n\t\t\t\t\t\t\t\t<span class=\"ac_title_class\">\r\n\t\t\t\t\t\t\t\t\tApr\u00e8s une \u00e9tude talmudique on dit\t\t\t\t\t\t\t\t<\/span>\r\n\t\t\t\t\t\t\t<\/a>\r\n\t\t\t\t\t\t  <\/h4>\r\n\t\t\t\t\t\t<\/div>\r\n\t\t\t\t\t\t<div id=\"ac_1756_collapse1\" class=\"wpsm_panel-collapse collapse in\"  >\r\n\t\t\t\t\t\t  <div class=\"wpsm_panel-body\">\r\n\t\t\t\t\t\t\t<span style=\"color: #31A3DD;\"><strong>Al Yisra\u00ebl v\u00e9al rabanane v\u00e9al talmid\u00e9hone v\u00e9al kol talmid\u00e9 talmid\u00e9hone deyatvine v\u00e9askine beora\u00efta kadichta di v\u00e9atra had\u00e8ne vedi bekhol atar veatar yeh\u00e9 lana oulehone oulekhone chelama \u2018hina ve\u2019hisda ve\u2019hay\u00e9 arikh\u00e9 oumzon\u00e9 r\u00e9vi\u2019h\u00e9 vera\u2019ham\u00e9 mine kodam \u00c9laha mar\u00e9 chemaya v\u00e9ara, v\u00e9\u00efmrou amen.<\/strong><\/span>\t\t\t\t\t\t  <\/div>\r\n\t\t\t\t\t\t<\/div>\r\n\t\t\t\t\t<\/div>\r\n\t\t\t\t\t<!-- Inner panel End -->\r\n\t\t\t\t\t\r\n\t\t\t\t\t\t\t<\/div>\r\n\t\t\t\r\n<script type=\"text\/javascript\">\r\n\t\r\n\t\tfunction do_resize(){\r\n\r\n\t\t\tvar width=jQuery( '.wpsm_panel .wpsm_panel-body iframe' ).width();\r\n\t\t\tvar height=jQuery( '.wpsm_panel .wpsm_panel-body iframe' ).height();\r\n\r\n\t\t\tvar toggleSize = true;\r\n\t\t\tjQuery('iframe').animate({\r\n\t\t\t    width: toggleSize ? width : 640,\r\n\t\t\t    height: toggleSize ? height : 360\r\n\t\t\t  }, 250);\r\n\r\n\t\t\t  toggleSize = !toggleSize;\r\n\t\t}\r\n\t\t\r\n<\/script>\t\n<p><strong>Yeh\u00e9 chelama raba mine chemaya, \u2018hayim vessava vichoua ven\u00e9\u2019hama vech\u00e9zava ourefoua ougoula ousseli\u2019ha vekhapara ver\u00e9va\u2019h vahatsala, lanou oulekhol amo Yisra\u00ebl, ve\u00efmrou <i>amen<\/i>.<br \/>\nOss\u00e9 chalom bimromav hou bera\u2019hamav yaass\u00e9 chalom al\u00e9nou veal kol amo Yisra\u00ebl v\u00e9\u00efmrou<i>amen<\/i><\/strong>.<br \/>\n<span style=\"font-family: comic sans ms,sans-serif; font-size: 12pt; color: #ff0000;\"><br \/>\n<\/span><\/p>\n<p style=\"text-align: center;\"><span style=\"color: #ff0000; font-size: 14pt;\"><em><strong> Les sages interdisent l&rsquo;autopsie et le pr\u00e9l\u00e8vement de toute partie du corps. <\/strong><\/em><\/span><\/p>\n<h2 class=\"header-title mt-100\" style=\"text-align: center;\"><span style=\"font-family: comic sans ms,sans-serif; font-size: 14pt; color: #ff0000;\">Si vous ne souhaitez pas donner vos organes et tissus apr\u00e8s votre mort,<br \/>\n<a href=\"https:\/\/www.registrenationaldesrefus.fr\">&gt;&gt;inscrivez-vous sur le registre national des refus&lt;&lt;<\/a><br \/>\n<\/span><\/h2>\n<p style=\"text-align: center;\">\n","protected":false},"excerpt":{"rendered":"<p>\u05ea.\u05e0.\u05e6.\u05d1.\u05d4 (\u05ea\u05bc\u05b0\u05d4\u05b4\u05d9 \u05e0\u05b4\u05e9\u05c1\u05b0\u05de\u05b8\u05ea\u05d5\u05b9 \u05e6\u05b0\u05e8\u05d5\u05bc\u05e8\u05b8\u05d4 \u05d1\u05bc\u05b4\u05e6\u05b0\u05e8\u05d5\u05b9\u05e8 \u05d4\u05b7\u05d7\u05b7\u05d9\u05bc\u05b4\u05d9\u05dd) Que son \u00e2me soit attach\u00e9e au faisceau de la lumi\u00e8re \u00e9ternelle. Lors du deuil, il est bon de veiller au respect du d\u00e9funt. Cela signifie qu&rsquo;\u00e0 proximit\u00e9 du mort, il est interdit de : Parler. Discuter. Manger, boire, dormir. Lire un journal. Plaisanter ou se comporter avec l\u00e9g\u00e8ret\u00e9. Pendant<\/p>\n","protected":false},"author":10,"featured_media":0,"parent":0,"menu_order":0,"comment_status":"closed","ping_status":"closed","template":"","meta":{"footnotes":""},"class_list":["post-442","page","type-page","status-publish","hentry"],"_links":{"self":[{"href":"https:\/\/lamaisondesbenjamins.fr\/ng\/wp-json\/wp\/v2\/pages\/442","targetHints":{"allow":["GET"]}}],"collection":[{"href":"https:\/\/lamaisondesbenjamins.fr\/ng\/wp-json\/wp\/v2\/pages"}],"about":[{"href":"https:\/\/lamaisondesbenjamins.fr\/ng\/wp-json\/wp\/v2\/types\/page"}],"author":[{"embeddable":true,"href":"https:\/\/lamaisondesbenjamins.fr\/ng\/wp-json\/wp\/v2\/users\/10"}],"replies":[{"embeddable":true,"href":"https:\/\/lamaisondesbenjamins.fr\/ng\/wp-json\/wp\/v2\/comments?post=442"}],"version-history":[{"count":42,"href":"https:\/\/lamaisondesbenjamins.fr\/ng\/wp-json\/wp\/v2\/pages\/442\/revisions"}],"predecessor-version":[{"id":2064,"href":"https:\/\/lamaisondesbenjamins.fr\/ng\/wp-json\/wp\/v2\/pages\/442\/revisions\/2064"}],"wp:attachment":[{"href":"https:\/\/lamaisondesbenjamins.fr\/ng\/wp-json\/wp\/v2\/media?parent=442"}],"curies":[{"name":"wp","href":"https:\/\/api.w.org\/{rel}","templated":true}]}}