{"id":29,"date":"2016-11-20T21:03:00","date_gmt":"2016-11-20T21:03:00","guid":{"rendered":"http:\/\/lamaisondesbenjamins.fr\/ng\/?page_id=29"},"modified":"2020-12-17T15:12:54","modified_gmt":"2020-12-17T14:12:54","slug":"services","status":"publish","type":"page","link":"https:\/\/lamaisondesbenjamins.fr\/ng\/services\/","title":{"rendered":"Services"},"content":{"rendered":"<h6 style=\"padding-left: 20px; text-align: center;\"><span style=\"font-size: 18pt; color: #3366ff;\"><em><span style=\"font-family: comic sans ms,sans-serif;\"><strong>SALLE CLIMATIS\u00c9E<\/strong><\/span><\/em><\/span><\/h6>\n<h6 style=\"padding-left: 20px; text-align: center;\"><span style=\"font-size: 18pt; color: #3366ff;\"><em><span style=\"font-family: comic sans ms,sans-serif;\"><strong>LOCATION ET DISPONIBILIT\u00c9<\/strong><\/span><\/em><\/span><\/h6>\n<p style=\"padding-left: 20px; text-align: center;\"><span style=\"font-size: 18pt; color: #3366ff;\"><em><span style=\"font-family: comic sans ms,sans-serif;\"><strong> <img loading=\"lazy\" decoding=\"async\" class=\"wp-image-1625 aligncenter\" src=\"https:\/\/lamaisondesbenjamins.fr\/ng\/wp-content\/uploads\/2019\/03\/Salle-des-fetes-LMDB-2.jpg\" alt=\"\" width=\"497\" height=\"511\" srcset=\"https:\/\/lamaisondesbenjamins.fr\/ng\/wp-content\/uploads\/2019\/03\/Salle-des-fetes-LMDB-2.jpg 768w, https:\/\/lamaisondesbenjamins.fr\/ng\/wp-content\/uploads\/2019\/03\/Salle-des-fetes-LMDB-2-292x300.jpg 292w, https:\/\/lamaisondesbenjamins.fr\/ng\/wp-content\/uploads\/2019\/03\/Salle-des-fetes-LMDB-2-600x617.jpg 600w\" sizes=\"auto, (max-width: 497px) 100vw, 497px\" \/><\/strong><\/span><\/em><\/span><em><span style=\"font-size: 12pt;\">Pour une capacit\u00e9 d&rsquo;accueil confortable<\/span><\/em><\/p>\n<p style=\"padding-left: 20px; text-align: center;\"><em><span style=\"font-size: 12pt;\">120 personnes assises ou 220 personnes debout<\/span><\/em><\/p>\n<p style=\"text-align: center;\"><strong>\n<table id=\"tablepress-1\" class=\"tablepress tablepress-id-1\">\n<thead>\n<tr class=\"row-1\">\n\t<th class=\"column-1\"><strong>Tarif semaine<\/strong><\/th><th class=\"column-2\"><CENTER><strong>Adh\u00e9rent<\/strong><\/CENTER><\/th><th class=\"column-3\"><CENTER><strong>Non adh\u00e9rent<\/strong><\/CENTER><\/th>\n<\/tr>\n<\/thead>\n<tbody class=\"row-striping row-hover\">\n<tr class=\"row-2\">\n\t<td class=\"column-1\">Matin (Brit,Bar mitsva...)<\/td><td class=\"column-2\"><CENTER>270\u20ac<\/CENTER><\/td><td class=\"column-3\"><CENTER>450\u20ac<\/CENTER><\/td>\n<\/tr>\n<tr class=\"row-3\">\n\t<td class=\"column-1\">Apr\u00e8s-midi, Soir (Azkara)<\/td><td class=\"column-2\"><CENTER>150\u20ac<\/CENTER><\/td><td class=\"column-3\"><CENTER>250\u20ac<\/CENTER><\/td>\n<\/tr>\n<tr class=\"row-4\">\n\t<td class=\"column-1\">Apr\u00e8s-midi et soir\u00e9e (jusqu'\u00e0 22h)<\/td><td class=\"column-2\"><CENTER>440\u20ac<\/CENTER><\/td><td class=\"column-3\"><CENTER>600\u20ac<\/CENTER><\/td>\n<\/tr>\n<\/tbody>\n<\/table>\n<!-- #tablepress-1 from cache --><\/strong><\/p>\n<p style=\"text-align: center;\"><span style=\"font-family: comic sans ms,sans-serif;\"><strong>\n<table id=\"tablepress-3\" class=\"tablepress tablepress-id-3\">\n<thead>\n<tr class=\"row-1\">\n\t<th class=\"column-1\"><strong>Tarif Chabbat<\/strong><\/th><th class=\"column-2\"><center><strong>Adh\u00e9rent<\/strong><\/center><\/th><th class=\"column-3\"><center><strong>Non adh\u00e9rent<\/strong><\/center><\/th>\n<\/tr>\n<\/thead>\n<tbody class=\"row-striping row-hover\">\n<tr class=\"row-2\">\n\t<td class=\"column-1\">KIDDOUCH offert (communautaire)<\/td><td class=\"column-2\"><center>Gratuit (M\u00e9nage 50\u20ac)<\/center><\/td><td class=\"column-3\"><center>200\u20ac<\/center><\/td>\n<\/tr>\n<tr class=\"row-3\">\n\t<td class=\"column-1\">Apr\u00e8s-midi, Soir (Azkara)<\/td><td class=\"column-2\"><center>260\u20ac (M\u00e9nage 50\u20ac)<\/center><\/td><td class=\"column-3\"><center>400\u20ac<\/center><\/td>\n<\/tr>\n<\/tbody>\n<\/table>\n<!-- #tablepress-3 from cache --><\/strong><\/span><\/p>\n<p style=\"text-align: center;\"><strong>\n<table id=\"tablepress-4\" class=\"tablepress tablepress-id-4\">\n<tbody>\n<tr class=\"row-1\">\n\t<td class=\"column-1\">S\u00e9ouda Chlichit \u00e0 offrir <\/td><td class=\"column-2\">250\u20ac<\/td>\n<\/tr>\n<tr class=\"row-2\">\n\t<td class=\"column-1\">S\u00e9ouda Roch Hodesh \u00e0 offrir<\/td><td class=\"column-2\">500\u20ac<\/td>\n<\/tr>\n<tr class=\"row-3\">\n\t<td class=\"column-1\">R\u00e9servation des mont\u00e9es du sefer lors de f\u00eates<br \/>\n(Mariage, Bar Mitzvah,etc.) <br \/>\n<CENTER><h6><FONT color=\"black\">Ouverture du Hekhal, port du ou des seferim, 6 mont\u00e9es et Haftara (\u00e0 condition qu'elle soit r\u00e9serv\u00e9e et affich\u00e9e depuis au moins trois semaines). Le Mashlim restant r\u00e9serv\u00e9 \u00e0 la synagogue + trois moussifim au maximum<\/h6><\/FONT><\/CENTER><\/td><td class=\"column-2\">600\u20ac<\/td>\n<\/tr>\n<\/tbody>\n<\/table>\n<!-- #tablepress-4 from cache --><\/strong><\/p>\n<p style=\"text-align: center;\"><span style=\"color: #ff0000; font-family: comic sans ms, sans-serif;\"><img loading=\"lazy\" decoding=\"async\" class=\" wp-image-566 alignnone\" src=\"https:\/\/lamaisondesbenjamins.fr\/ng\/wp-content\/uploads\/2016\/11\/Chauffe-plat-e1483104775496.jpg\" alt=\"\" width=\"38\" height=\"35\" \/><\/span>\u00a0<span style=\"color: #ff0000; font-family: comic sans ms, sans-serif;\"> A LA M\u00c9MOIRE DES PERSONNES DISPARUES\u00a0 <img loading=\"lazy\" decoding=\"async\" class=\" wp-image-566 alignnone\" src=\"https:\/\/lamaisondesbenjamins.fr\/ng\/wp-content\/uploads\/2016\/11\/Chauffe-plat-e1483104775496.jpg\" alt=\"\" width=\"38\" height=\"35\" \/><\/span><\/p>\n<p style=\"text-align: center;\"><strong><em>Fabrication et pose des plaques sur le tableau : 260 \u20ac<\/em><\/strong><\/p>\n<p style=\"text-align: center;\">\n","protected":false},"excerpt":{"rendered":"<p>SALLE CLIMATIS\u00c9E LOCATION ET DISPONIBILIT\u00c9 Pour une capacit\u00e9 d&rsquo;accueil confortable 120 personnes assises ou 220 personnes debout \u00a0 A LA M\u00c9MOIRE DES PERSONNES DISPARUES\u00a0 Fabrication et pose des plaques sur le tableau : 260 \u20ac<\/p>\n","protected":false},"author":10,"featured_media":0,"parent":0,"menu_order":0,"comment_status":"closed","ping_status":"closed","template":"","meta":{"footnotes":""},"class_list":["post-29","page","type-page","status-publish","hentry"],"_links":{"self":[{"href":"https:\/\/lamaisondesbenjamins.fr\/ng\/wp-json\/wp\/v2\/pages\/29","targetHints":{"allow":["GET"]}}],"collection":[{"href":"https:\/\/lamaisondesbenjamins.fr\/ng\/wp-json\/wp\/v2\/pages"}],"about":[{"href":"https:\/\/lamaisondesbenjamins.fr\/ng\/wp-json\/wp\/v2\/types\/page"}],"author":[{"embeddable":true,"href":"https:\/\/lamaisondesbenjamins.fr\/ng\/wp-json\/wp\/v2\/users\/10"}],"replies":[{"embeddable":true,"href":"https:\/\/lamaisondesbenjamins.fr\/ng\/wp-json\/wp\/v2\/comments?post=29"}],"version-history":[{"count":171,"href":"https:\/\/lamaisondesbenjamins.fr\/ng\/wp-json\/wp\/v2\/pages\/29\/revisions"}],"predecessor-version":[{"id":2025,"href":"https:\/\/lamaisondesbenjamins.fr\/ng\/wp-json\/wp\/v2\/pages\/29\/revisions\/2025"}],"wp:attachment":[{"href":"https:\/\/lamaisondesbenjamins.fr\/ng\/wp-json\/wp\/v2\/media?parent=29"}],"curies":[{"name":"wp","href":"https:\/\/api.w.org\/{rel}","templated":true}]}}