{"id":1711,"date":"2019-06-20T00:02:32","date_gmt":"2019-06-19T23:02:32","guid":{"rendered":"https:\/\/lamaisondesbenjamins.fr\/ng\/?page_id=1711"},"modified":"2024-06-16T02:26:50","modified_gmt":"2024-06-16T01:26:50","slug":"histoire","status":"publish","type":"page","link":"https:\/\/lamaisondesbenjamins.fr\/ng\/histoire\/","title":{"rendered":"Les locaux"},"content":{"rendered":"\n<p style=\"text-align: left;\">Vid\u00e9o pr\u00e9sent\u00e9e par M.Beynes :<\/p>\n\n\n\n<div style=\"width: 550px;\" class=\"wp-video\"><!--[if lt IE 9]><script>document.createElement('video');<\/script><![endif]-->\n<video class=\"wp-video-shortcode\" id=\"video-1711-1\" width=\"550\" height=\"309\" poster=\"https:\/\/lamaisondesbenjamins.fr\/ng\/wp-content\/uploads\/2022\/07\/Beynes-LMDB.png\" preload=\"auto\" controls=\"controls\"><source type=\"video\/mp4\" src=\"https:\/\/lamaisondesbenjamins.fr\/ng\/wp-content\/uploads\/2019\/06\/Construction-LMDB-1.mp4?_=1\" \/><a href=\"https:\/\/lamaisondesbenjamins.fr\/ng\/wp-content\/uploads\/2019\/06\/Construction-LMDB-1.mp4\">https:\/\/lamaisondesbenjamins.fr\/ng\/wp-content\/uploads\/2019\/06\/Construction-LMDB-1.mp4<\/a><\/video><\/div>\n\n\n\n<blockquote>\n<p>\u00a0<\/p>\n<p>Tout a commenc\u00e9 lorsque M. Jacques Beynes, alors pr\u00e9sident de la communaut\u00e9, a acquis \u00e0 titre personnel, dans le cadre de ses activit\u00e9s immobili\u00e8res, le terrain situ\u00e9 au 43 rue Pelleport en juin 1995. Il a ensuite c\u00e9d\u00e9 ce terrain au prix d\u2019achat \u00e0 la communaut\u00e9 de La Maison des Benjamins, qui fonctionnait alors dans un sous-sol au 17 rue de la Cour des Noues, dans le 20\u00e8me arrondissement de Paris.<\/p>\n<p>Ce sous-sol avait \u00e9t\u00e9 g\u00e9n\u00e9reusement mis \u00e0 notre disposition par le RAV Elyaou Rotnemer ZL, pr\u00e9sident du \u00ab Refuge \u00bb.<\/p>\n<p>Cette \u0153uvre magnifique a \u00e9t\u00e9 r\u00e9alis\u00e9e, avant tout, gr\u00e2ce \u00e0 l\u2019aide du TOUT PUISSANT qui a jalonn\u00e9 notre parcours de nombreux miracles, et \u00e9galement gr\u00e2ce \u00e0 la participation g\u00e9n\u00e9reuse de tous les membres de la communaut\u00e9, tant anciens qu\u2019actuels, sous forme de dons.<\/p>\n<p>\u00ab\u00a0Que D. face que cette communaut\u00e9 dirig\u00e9e par son actuel Pr\u00e9sident le Dr Fettaya Elie et son rabbin M. Kassabi Yonathan, second\u00e9 par le Dr Riahi Yossef dirigeant spirituel de la premi\u00e8re heure continue \u00e0 prosp\u00e9rer jusqu\u2019au jour de la venue du Machiah qui sans doute la transf\u00e9rera \u00e0 J\u00e9rusalem. Amen.\u00a0\u00bb<\/p>\n<\/blockquote>\n","protected":false},"excerpt":{"rendered":"<p>Vid\u00e9o pr\u00e9sent\u00e9e par M.Beynes : \u00a0 Tout a commenc\u00e9 lorsque M. Jacques Beynes, alors pr\u00e9sident de la communaut\u00e9, a acquis \u00e0 titre personnel, dans le cadre de ses activit\u00e9s immobili\u00e8res, le terrain situ\u00e9 au 43 rue Pelleport en juin 1995. Il a ensuite c\u00e9d\u00e9 ce terrain au prix d\u2019achat \u00e0 la communaut\u00e9 de La Maison<\/p>\n","protected":false},"author":10,"featured_media":0,"parent":0,"menu_order":0,"comment_status":"closed","ping_status":"closed","template":"","meta":{"footnotes":""},"class_list":["post-1711","page","type-page","status-publish","hentry"],"_links":{"self":[{"href":"https:\/\/lamaisondesbenjamins.fr\/ng\/wp-json\/wp\/v2\/pages\/1711","targetHints":{"allow":["GET"]}}],"collection":[{"href":"https:\/\/lamaisondesbenjamins.fr\/ng\/wp-json\/wp\/v2\/pages"}],"about":[{"href":"https:\/\/lamaisondesbenjamins.fr\/ng\/wp-json\/wp\/v2\/types\/page"}],"author":[{"embeddable":true,"href":"https:\/\/lamaisondesbenjamins.fr\/ng\/wp-json\/wp\/v2\/users\/10"}],"replies":[{"embeddable":true,"href":"https:\/\/lamaisondesbenjamins.fr\/ng\/wp-json\/wp\/v2\/comments?post=1711"}],"version-history":[{"count":18,"href":"https:\/\/lamaisondesbenjamins.fr\/ng\/wp-json\/wp\/v2\/pages\/1711\/revisions"}],"predecessor-version":[{"id":2362,"href":"https:\/\/lamaisondesbenjamins.fr\/ng\/wp-json\/wp\/v2\/pages\/1711\/revisions\/2362"}],"wp:attachment":[{"href":"https:\/\/lamaisondesbenjamins.fr\/ng\/wp-json\/wp\/v2\/media?parent=1711"}],"curies":[{"name":"wp","href":"https:\/\/api.w.org\/{rel}","templated":true}]}}